{"id":2665,"date":"2022-06-30T11:26:21","date_gmt":"2022-06-30T09:26:21","guid":{"rendered":"http:\/\/www.riehagbard.dk\/rie\/?page_id=2665"},"modified":"2026-03-19T08:37:27","modified_gmt":"2026-03-19T07:37:27","slug":"presence","status":"publish","type":"page","link":"http:\/\/www.riehagbard.dk\/rie\/presence\/","title":{"rendered":"Workshops og teambuilding"},"content":{"rendered":"\n<p>Som oftest har jeg lidt forskelligt p\u00e5 tapetet hver s\u00e6son. B\u00e5de workshops for foreninger, virksomheder og ved private fester, men ogs\u00e5 workshops, kurser eller en master class, man som privatperson kan tilmelde sig og deltage i. Dette for\u00e5r g\u00f8r jeg ingen undtagelse: dels afholder jeg snart &#8216;And All That Jazz&#8217; og dels &#8216;Melodi i det fri&#8217;.<\/p>\n\n\n\n<figure class=\"wp-block-image size-large is-resized\"><a href=\"http:\/\/www.riehagbard.dk\/rie\/wp-content\/uploads\/2026\/01\/AATJ-med-mellow-april-26.jpg\"><img loading=\"lazy\" src=\"http:\/\/www.riehagbard.dk\/rie\/wp-content\/uploads\/2026\/01\/AATJ-med-mellow-april-26-995x1024.jpg\" alt=\"\" class=\"wp-image-3313\" width=\"310\" height=\"319\" srcset=\"http:\/\/www.riehagbard.dk\/rie\/wp-content\/uploads\/2026\/01\/AATJ-med-mellow-april-26-995x1024.jpg 995w, http:\/\/www.riehagbard.dk\/rie\/wp-content\/uploads\/2026\/01\/AATJ-med-mellow-april-26-291x300.jpg 291w, http:\/\/www.riehagbard.dk\/rie\/wp-content\/uploads\/2026\/01\/AATJ-med-mellow-april-26-768x791.jpg 768w, http:\/\/www.riehagbard.dk\/rie\/wp-content\/uploads\/2026\/01\/AATJ-med-mellow-april-26.jpg 1080w\" sizes=\"(max-width: 310px) 100vw, 310px\" \/><\/a><\/figure>\n\n\n\n<p><strong><em>Obs: Der er nu lukket for tilmelding*<\/em><\/strong><\/p>\n\n\n\n<p><strong>&#8216;And All That Jazz&#8217;<\/strong> er en korworkshop, hvor du som deltager f\u00e5r mulighed for at afpr\u00f8ve d\u00e9t at synge i et vaske\u00e6gte jazzkor! En m\u00e5neds tid f\u00f8r vi m\u00f8des modtager deltagerne \u00f8ve-materiale til de udvalgte sange. Dermed m\u00f8der alle velforberedte op til selve workshopdagen, hvor vi nemt kan sammens\u00e6tte koret, \u00f8ve de flerstemmige sange og finpudse alle musikalske detaljer. Vi afrunder undervisningen med en lille koncert for venner, p\u00e5r\u00f8rende og dem, der har lyst til at kigge forbi og lytte med. Det er altid meget hyggeligt og festligt, b\u00e5de at \u00f8ve sammen og at slutte af p\u00e5 denne vis! Som noget helt nyt her til april s\u00e6tter vi jazzkoret sammen med jazzduoen Mellow; det betyder, at koret skal synge med p\u00e5 Mellows egne kompositioner. Og derudover giver Mellow nok ogs\u00e5 et nummer eller to ved den <strong>afrundende koncert i Gl. Holte Kirkes stjernesal s\u00f8ndag d. 26\/4 kl. 16:00<\/strong>. Vi gl\u00e6der os! Vel m\u00f8dt:-)<\/p>\n\n\n\n<figure class=\"wp-block-image size-large is-resized\"><a href=\"http:\/\/www.riehagbard.dk\/rie\/wp-content\/uploads\/2026\/01\/Melodi-i-det-fri.jpg\"><img loading=\"lazy\" src=\"http:\/\/www.riehagbard.dk\/rie\/wp-content\/uploads\/2026\/01\/Melodi-i-det-fri-765x1024.jpg\" alt=\"\" class=\"wp-image-3304\" width=\"274\" height=\"367\" srcset=\"http:\/\/www.riehagbard.dk\/rie\/wp-content\/uploads\/2026\/01\/Melodi-i-det-fri-765x1024.jpg 765w, http:\/\/www.riehagbard.dk\/rie\/wp-content\/uploads\/2026\/01\/Melodi-i-det-fri-224x300.jpg 224w, http:\/\/www.riehagbard.dk\/rie\/wp-content\/uploads\/2026\/01\/Melodi-i-det-fri-768x1028.jpg 768w, http:\/\/www.riehagbard.dk\/rie\/wp-content\/uploads\/2026\/01\/Melodi-i-det-fri.jpg 1080w\" sizes=\"(max-width: 274px) 100vw, 274px\" \/><\/a><\/figure>\n\n\n\n<p><strong><em>Obs: stadig 3-4 ledige pladser*<\/em><\/strong><\/p>\n\n\n\n<p>Vil du v\u00e6re med til en anderledes sangworkshop med kreativiteten i h\u00f8js\u00e6det og inspirationen hentet udenfor? S\u00e5 er <strong>&#8216;Melodi i det fri&#8217;<\/strong> helt sikkert noget for dig! Denne dag vil vi g\u00e5 p\u00e5 opdagelse i naturen omkring os og bruge de ting og sager, vi st\u00f8der p\u00e5, til at danne ramme for vores sangskrivning. Efter nogle timers &#8216;sangplukning&#8217; og sang\u00f8velser ude i naturen vil vi tage vores ideer med indenfor i mit hjemmestudie og s\u00e5ledes afrunde workshopdagen med indspilninger, kaffe og kage. Det bliver en fantastisk hyggelig og anderledes dag, fuld af id\u00e9rigdom og inspiration.<\/p>\n\n\n\n<p>Tidsramme for dagen: 9:30-15:40. Pris: 610,- alt inkl. (betales i 2 rater)<\/p>\n\n\n\n<p><\/p>\n","protected":false},"excerpt":{"rendered":"<p>Som oftest har jeg lidt forskelligt p\u00e5 tapetet hver s\u00e6son. B\u00e5de workshops for foreninger, virksomheder og ved private fester, men ogs\u00e5 workshops, kurser eller en master class, man som privatperson kan tilmelde sig og deltage i. Dette for\u00e5r g\u00f8r jeg ingen undtagelse: dels afholder jeg snart &#8216;And All That Jazz&#8217; og dels &#8216;Melodi i det [&hellip;]<\/p>\n","protected":false},"author":2,"featured_media":0,"parent":0,"menu_order":0,"comment_status":"closed","ping_status":"closed","template":"","meta":[],"_links":{"self":[{"href":"http:\/\/www.riehagbard.dk\/rie\/wp-json\/wp\/v2\/pages\/2665"}],"collection":[{"href":"http:\/\/www.riehagbard.dk\/rie\/wp-json\/wp\/v2\/pages"}],"about":[{"href":"http:\/\/www.riehagbard.dk\/rie\/wp-json\/wp\/v2\/types\/page"}],"author":[{"embeddable":true,"href":"http:\/\/www.riehagbard.dk\/rie\/wp-json\/wp\/v2\/users\/2"}],"replies":[{"embeddable":true,"href":"http:\/\/www.riehagbard.dk\/rie\/wp-json\/wp\/v2\/comments?post=2665"}],"version-history":[{"count":25,"href":"http:\/\/www.riehagbard.dk\/rie\/wp-json\/wp\/v2\/pages\/2665\/revisions"}],"predecessor-version":[{"id":3374,"href":"http:\/\/www.riehagbard.dk\/rie\/wp-json\/wp\/v2\/pages\/2665\/revisions\/3374"}],"wp:attachment":[{"href":"http:\/\/www.riehagbard.dk\/rie\/wp-json\/wp\/v2\/media?parent=2665"}],"curies":[{"name":"wp","href":"https:\/\/api.w.org\/{rel}","templated":true}]}}